{"id":2834,"date":"2019-01-15T15:23:30","date_gmt":"2019-01-15T14:23:30","guid":{"rendered":"http:\/\/www.boracay.it\/territorio\/"},"modified":"2019-02-14T16:08:40","modified_gmt":"2019-02-14T15:08:40","slug":"territorio","status":"publish","type":"page","link":"https:\/\/www.boracay.it\/fr\/territorio\/","title":{"rendered":"Le Lieu"},"content":{"rendered":"<section id=\"bt_section69f309f11c4ec\"  class=\"boldSection topSpaced bottomSpaced btDarkSkin gutter inherit wBackground cover\" style=\"background-image:url('https:\/\/www.boracay.it\/wp-content\/uploads\/2019\/02\/hotel-mare-abruzzo.jpg');\"><div class=\"port\"><div class=\"boldCell\"><div class=\"boldCellInner\"><div class=\"boldRow \" ><div class=\"boldRowInner\"><div class=\"rowItem col-md-6 col-sm-12 btTextLeft\"  data-width=\"6\"><div class=\"rowItemContent\" ><div class=\"rowItemContentInner\"><\/div><\/div><\/div><div class=\"rowItem col-md-6 col-sm-12 btTextLeft\"  data-width=\"6\"><div class=\"rowItemContent\" ><div class=\"rowItemContentInner\"><div class=\"btClear btSeparator bottomSpaced noBorder\" ><hr><\/div><header class=\"header btClear huge btDash bottomDash  btHeadlineDefaultColor btBottomDashDefaultColor\" ><div class=\"dash\"><h1><span class=\"headline\">D\u00e9couvrez les Abruzzes\r<br><i class=\"animate\"> et Alba Adriatica <\/i><\/span><\/h1><\/div><div class=\"btSubTitle\">H\u00f4tel de vacances en bord de mer avec piscine \u00e0 Alba Adriatica<\/div><\/header><div class=\"btIconImageRow\" ><div class=\"servicesItem  btIcoAccentColorIcon btIcoBigSizeIcon \"><div class=\"sIcon\"><span class=\"btIco btIcoBigSize btIcoFilledType btIcoAccentColor\"><a href=\"#contatto\" target=\"_self\" data-ico-s7=\"&#xe639;\" class=\"btIcoHolder\"><\/a><\/span><\/div><div class=\"sTxt\"><header class=\"header btClear medium\" ><div class=\"dash\"><div class=\"btSuperTitle\"><span>Quote!<\/span><\/div><h4><span class=\"headline\">CONTACTEZ-NOUS<\/span><\/h4><\/div><\/header><p><\/p><\/div><\/div><div class=\"servicesItem  btIcoAccentColorIcon btIcoBigSizeIcon \"><div class=\"sIcon\"><span class=\"btIco btIcoBigSize btIcoFilledType btIcoAccentColor\"><a href=\"http:\/\/www.boracay.it\/camere\/\" target=\"_self\" data-ico-fa=\"&#xf236;\" class=\"btIcoHolder\"><\/a><\/span><\/div><div class=\"sTxt\"><header class=\"header btClear medium\" ><div class=\"dash\"><div class=\"btSuperTitle\"><span>Les chambres<\/span><\/div><h4><span class=\"headline\">CHAMBRES<\/span><\/h4><\/div><\/header><p><\/p><\/div><\/div><\/div><\/div><\/div><\/div><\/div><\/div><\/div><\/div><\/div><\/section><section id=\"bt_section69f309f11cff2\"  class=\"boldSection gutter inherit\" ><div class=\"port\"><div class=\"boldCell\"><div class=\"boldCellInner\"><div class=\"boldRow \" ><div class=\"boldRowInner\"><div class=\"rowItem col-md-12 col-ms-12  btTextLeft\"  data-width=\"12\"><div class=\"rowItemContent\" ><div class=\"rowItemContentInner\"><div class=\"btClear btSeparator topSemiSpaced noBorder\" ><hr><\/div><header class=\"header btClear extralarge btDash topDash  btHeadlineAccentColor btBottomDashDefaultColor\" ><div class=\"dash\"><div class=\"btSuperTitle\"><span>H\u00f4tel dans la nature entre Mari et Monti<\/span><\/div><h2><span class=\"headline\">H\u00f4tel 3 \u00e9toiles sur la mer \u00e0 Alba Adriatica<\/span><\/h2><\/div><\/header><\/div><\/div><\/div><\/div><\/div><\/div><\/div><\/div><\/section><section id=\"bt_section69f309f11d400\"  class=\"boldSection gutter\" ><div class=\"port\"><div class=\"boldCell\"><div class=\"boldCellInner\"><div class=\"boldRow \" ><div class=\"boldRowInner\"><div class=\"rowItem col-md-6 col-sm-12 btTextLeft\"  data-width=\"6\"><div class=\"rowItemContent\" ><div class=\"rowItemContentInner\"><div class=\"bpgPhoto \" ><div class = \"btImage\"><img src=\"https:\/\/www.boracay.it\/wp-content\/uploads\/2019\/01\/abruzzo-1-320x369.jpg\" alt=\"\" ><\/div><\/div><\/div><\/div><\/div><div class=\"rowItem col-md-6 col-sm-12 btTextLeft\"  data-width=\"6\"><div class=\"rowItemContent\" ><div class=\"rowItemContentInner\"><div class=\"btClear btSeparator topSpaced noBorder\" ><hr><\/div><header class=\"header btClear medium  btHeadlineAccentColor btBottomDashDefaultColor\" ><div class=\"dash\"><div class=\"btSuperTitle\"><span>La Majella<\/span><\/div><h4><span class=\"headline\">Parc national<\/span><\/h4><\/div><\/header><div class=\"btClear btSeparator noBorder\" ><hr><\/div><div class=\"btText\" ><p>L&rsquo;h\u00f4tel 3 \u00e9toiles Boracay est situ\u00e9 dans les Abruzzes, un territoire appel\u00e9 \u00ab\u00a0r\u00e9gion verte de l&rsquo;Europe\u00a0\u00bb, qui n&rsquo;est pas prot\u00e9g\u00e9 par hasard sur plus du tiers de la surface. Ours et chamois, parois rocheuses et for\u00eats, collines et magnifiques plages de sable fin. Parmi les hauts sommets du Gran Sasso, de la Majella et de Velino et la ligne dor\u00e9e de la c\u00f4te, la nature des Abruzzes forme un tableau d&rsquo;une grande vari\u00e9t\u00e9 et d&rsquo;un charme qui peut \u00eatre appr\u00e9ci\u00e9 \u00e0 tout moment de l&rsquo;ann\u00e9e.<\/p>\n<p>Gr\u00e2ce aux parcs nationaux, \u00e0 un r\u00e9seau dense de r\u00e9serves et d\u2019oasis naturalistes, la nature des Abruzzes est \u00e0 pr\u00e9sent bien pr\u00e9serv\u00e9e et peut \u00eatre facilement visit\u00e9e par les amateurs individuels en tant que groupes organis\u00e9s.<\/p>\n<\/div><\/div><\/div><\/div><\/div><\/div><\/div><\/div><\/div><\/section><section id=\"bt_section69f309f11df30\"  class=\"boldSection gutter\" ><div class=\"port\"><div class=\"boldCell\"><div class=\"boldCellInner\"><div class=\"boldRow \" ><div class=\"boldRowInner\"><div class=\"rowItem col-md-6 col-sm-12 btTextLeft\"  data-width=\"6\"><div class=\"rowItemContent\" ><div class=\"rowItemContentInner\"><div class=\"btClear btSeparator topSpaced noBorder\" ><hr><\/div><header class=\"header btClear medium  btHeadlineDefaultColor btBottomDashDefaultColor\" ><div class=\"dash\"><div class=\"btSuperTitle\"><span>Excursions<\/span><\/div><h4><span class=\"headline\">De m\u00fbres aux gorges de Salinello<\/span><\/h4><\/div><\/header><div class=\"btClear btSeparator noBorder\" ><hr><\/div><div class=\"btText\" ><p>Le Gole del Salinello, une sorte de canyon dans les montagnes Gemelli, a \u00e9t\u00e9 cr\u00e9\u00e9 au fil du temps par la force \u00e9rosive de l&rsquo;eau, dans le territoire situ\u00e9 au-dessous de la citadelle de Civitella del Tronto.<\/p>\n<p>il est possible de revenir \u00e0 pied ou de descendre avec l&rsquo;\u00e9quipement de canyoning. Le sentier, qui doit \u00eatre parcouru \u00e0 pied, part du village de Ripe et se poursuit sur un chemin de terre compos\u00e9 de panneaux de haut en bas indiquant l&rsquo;ermitage de Grotta Sant&rsquo;Angelo, avant d&rsquo;arriver \u00e0 la gorge et de sortir ensuite au en pr\u00e9sence de Castel Manfrino.<\/p>\n<p>La Grotta di Sant&rsquo;Angelo est connue pour ses nombreuses d\u00e9couvertes arch\u00e9ologiques d&rsquo;un int\u00e9r\u00eat historique consid\u00e9rable, mais aussi pour \u00eatre l&rsquo;un des lieux mystiques de la r\u00e9gion. Aujourd&rsquo;hui, il est possible de le visiter en accord avec le centre d&rsquo;accueil de Ripe.<\/p>\n<\/div><\/div><\/div><\/div><div class=\"rowItem col-md-6 col-sm-12 btTextLeft\"  data-width=\"6\"><div class=\"rowItemContent\" ><div class=\"rowItemContentInner\"><div class=\"bpgPhoto \" ><div class = \"btImage\"><img src=\"https:\/\/www.boracay.it\/wp-content\/uploads\/2019\/01\/gole-del-salinello.jpg\" alt=\"gole del salinello\" ><\/div><\/div><\/div><\/div><\/div><\/div><\/div><\/div><\/div><\/div><\/section><section id=\"bt_section69f309f11e9ad\"  class=\"boldSection gutter\" ><div class=\"port\"><div class=\"boldCell\"><div class=\"boldCellInner\"><div class=\"boldRow \" ><div class=\"boldRowInner\"><div class=\"rowItem col-md-6 col-sm-12 btTextLeft\"  data-width=\"6\"><div class=\"rowItemContent\" ><div class=\"rowItemContentInner\"><div class=\"bpgPhoto \" ><div class = \"btImage\"><img src=\"https:\/\/www.boracay.it\/wp-content\/uploads\/2019\/01\/macchia-da-sole-a-caste-manfrino-320x369.jpg\" alt=\"castel manfrino\" ><\/div><\/div><\/div><\/div><\/div><div class=\"rowItem col-md-6 col-sm-12 btTextLeft\"  data-width=\"6\"><div class=\"rowItemContent\" ><div class=\"rowItemContentInner\"><div class=\"btClear btSeparator topSpaced noBorder\" ><hr><\/div><header class=\"header btClear medium  btHeadlineAccentColor btBottomDashDefaultColor\" ><div class=\"dash\"><div class=\"btSuperTitle\"><span>Excursions<\/span><\/div><h4><span class=\"headline\">De Macchia da Sole \u00e0 Castel Manfrino<\/span><\/h4><\/div><\/header><div class=\"btClear btSeparator noBorder\" ><hr><\/div><div class=\"btText\" ><p>Pour d\u00e9couvrir les vestiges de Castel Manfrino, vous devez partir de Macchia da Sole, un petit village de montagne accessible depuis Valle Castellana, Ascoli et Garrufo di Campli, puis emprunter des chemins de terre, des sentiers muletiers et un mur de calcaire.<\/p>\n<p>En entrant dans la for\u00eat dense, une courte mont\u00e9e m\u00e8ne aux ruines de Castel Manfrino, auxquelles on acc\u00e8de par un escalier en m\u00e9tal.<\/p>\n<p>De l\u00e0, la vue est aussi suggestive que fascinante. Depuis les ruines du ch\u00e2teau, il recommence jusqu&rsquo;\u00e0 une place \u00e9quip\u00e9e de tables de pique-nique, \u00e0 partir de laquelle vous pourrez facilement retourner sur le chemin trac\u00e9.<\/p>\n<\/div><\/div><\/div><\/div><\/div><\/div><\/div><\/div><\/div><\/section><section id=\"bt_section69f309f11f4a3\"  class=\"boldSection gutter\" ><div class=\"port\"><div class=\"boldCell\"><div class=\"boldCellInner\"><div class=\"boldRow \" ><div class=\"boldRowInner\"><div class=\"rowItem col-md-6 col-sm-12 btTextLeft\"  data-width=\"6\"><div class=\"rowItemContent\" ><div class=\"rowItemContentInner\"><div class=\"btClear btSeparator topSemiSpaced noBorder\" ><hr><\/div><header class=\"header btClear medium  btHeadlineDefaultColor btBottomDashDefaultColor\" ><div class=\"dash\"><div class=\"btSuperTitle\"><span>Excursions<\/span><\/div><h4><span class=\"headline\">De la Vibrata au Monti della Laga<\/span><\/h4><\/div><\/header><div class=\"btClear btSeparator noBorder\" ><hr><\/div><div class=\"btText\" ><p>Un autre itin\u00e9raire \u00e0 faire en voiture depuis la c\u00f4te d\u2019Alba Adriatica jusqu\u2019\u00e0 l\u2019arri\u00e8re-pays de Teramo est celui qui traverse le Val Vibrata et arrive aux Monti della Laga.<br \/>\nLe point de d\u00e9part sera la ville c\u00f4ti\u00e8re de Martinsicuro, int\u00e9ressante pour les vestiges arch\u00e9ologiques du Castrum Truentinum et pour la tour d&rsquo;observation du XVIe si\u00e8cle de Charles Quint.<\/p>\n<p>Le prochain arr\u00eat recommand\u00e9 se trouve dans le village de Tortoreto Alto avec l&rsquo;imposante tour de l&rsquo;horloge et l&rsquo;h\u00f4tel de ville du XVIIIe si\u00e8cle. Traversez ensuite la Val Vibrata et visitez les villages de Colonnella, Controguerra, Corropoli et Sant&rsquo;Omero, centres renomm\u00e9s le nombre \u00e9lev\u00e9 d&rsquo;\u00e9tablissements vinicoles dans le meilleur des Abruzzes, tant pour certains \u00e9difices d&rsquo;un grand int\u00e9r\u00eat historique et artistique, tels que l&rsquo;\u00e9glise de Santa Maria a Vico, seul monument avant le millier, maintenant presque achev\u00e9e.<\/p>\n<p>Quelques kilom\u00e8tres plus loin, Civitella del Tronto et sa forteresse Bourbon offrent une vue imprenable sur le splendide Ascoli Piceno. En remontant vers San Giacomo, on passe devant San Vito (Valle Castellana), un village abandonn\u00e9 aux \u00e9difices romans. A proximit\u00e9 de Macchia da Sole, en admirant les ruines de Castel Manfrino, plusieurs chemins bifurquent dans les Monti della Laga, dont le plus pratique est celui qui m\u00e8ne \u00e0 la cascade de Morricana.<\/p>\n<\/div><\/div><\/div><\/div><div class=\"rowItem col-md-6 col-sm-12 btTextLeft\"  data-width=\"6\"><div class=\"rowItemContent\" ><div class=\"rowItemContentInner\"><div class=\"bpgPhoto \" ><div class = \"btImage\"><img src=\"https:\/\/www.boracay.it\/wp-content\/uploads\/2019\/01\/dalla-vibrata-ai-monti-della-laga-1.jpg\" alt=\"\" ><\/div><\/div><\/div><\/div><\/div><\/div><\/div><\/div><\/div><\/div><\/section><section id=\"bt_section69f309f11ff7c\"  class=\"boldSection gutter\" ><div class=\"port\"><div class=\"boldCell\"><div class=\"boldCellInner\"><div class=\"boldRow \" ><div class=\"boldRowInner\"><div class=\"rowItem col-md-6 col-sm-12 btTextLeft\"  data-width=\"6\"><div class=\"rowItemContent\" ><div class=\"rowItemContentInner\"><div class=\"bpgPhoto \" ><div class = \"btImage\"><img src=\"https:\/\/www.boracay.it\/wp-content\/uploads\/2019\/01\/oasi-naturalistica-parco-botanico-fontii-del-vascello-320x451.jpg\" alt=\"parco botanico fonti del vascello\" ><\/div><\/div><\/div><\/div><\/div><div class=\"rowItem col-md-6 col-sm-12 btTextLeft\"  data-width=\"6\"><div class=\"rowItemContent\" ><div class=\"rowItemContentInner\"><div class=\"btClear btSeparator topSpaced noBorder\" ><hr><\/div><header class=\"header btClear medium  btHeadlineAccentColor btBottomDashDefaultColor\" ><div class=\"dash\"><div class=\"btSuperTitle\"><span>Oasis Naturelle<\/span><\/div><h4><span class=\"headline\">Parc botanique \u00ab\u00a0Le Fonti del Vascello\u00ab\u00a0<\/span><\/h4><\/div><\/header><div class=\"btClear btSeparator noBorder\" ><hr><\/div><div class=\"btText\" ><p>Pour d\u00e9couvrir les vestiges de Castel Manfrino, vous devez partir de Macchia da Sole, un petit village de montagne accessible depuis Valle Castellana, Ascoli et Garrufo di Campli, puis emprunter des chemins de terre, des sentiers muletiers et un mur de calcaire.<\/p>\n<p>En entrant dans la for\u00eat dense, une courte mont\u00e9e m\u00e8ne aux ruines de Castel Manfrino, auxquelles on acc\u00e8de par un escalier en m\u00e9tal.<\/p>\n<p>De l\u00e0, la vue est aussi suggestive que fascinante. Depuis les ruines du ch\u00e2teau, il recommence jusqu&rsquo;\u00e0 une place \u00e9quip\u00e9e de tables de pique-nique, \u00e0 partir de laquelle vous pourrez facilement retourner sur le chemin trac\u00e9.<\/p>\n<\/div><\/div><\/div><\/div><\/div><\/div><\/div><\/div><\/div><\/section><section id=\"bt_section69f309f120aa6\"  class=\"boldSection gutter\" ><div class=\"port\"><div class=\"boldCell\"><div class=\"boldCellInner\"><div class=\"boldRow \" ><div class=\"boldRowInner\"><div class=\"rowItem col-md-6 col-sm-12 btTextLeft\"  data-width=\"6\"><div class=\"rowItemContent\" ><div class=\"rowItemContentInner\"><div class=\"btClear btSeparator topSpaced noBorder\" ><hr><\/div><header class=\"header btClear medium  btHeadlineDefaultColor btBottomDashDefaultColor\" ><div class=\"dash\"><div class=\"btSuperTitle\"><span>Parc marin<\/span><\/div><h4><span class=\"headline\">Torre del Cerrano<\/span><\/h4><\/div><\/header><div class=\"btClear btSeparator noBorder\" ><hr><\/div><div class=\"btText\" ><p>L&rsquo;oasis de Cerrano est une zone marine prot\u00e9g\u00e9e situ\u00e9e le long de la c\u00f4te entre Silvi et Pineto, \u00e0 quelques kilom\u00e8tres d&rsquo;Alba Adriatica. Il est domin\u00e9 par une ancienne tour c\u00f4ti\u00e8re datant du XVIe si\u00e8cle, construite pour le royaume de Naples et qui abrite aujourd&rsquo;hui l&rsquo;un des centres de biologie de l&rsquo;eau de l&rsquo;Institut exp\u00e9rimental Zooprofilattico des Abruzzes et Molise (IZS A &amp; M) .<\/p>\n<p>La zone a \u00e9t\u00e9 d\u00e9clar\u00e9e zone prot\u00e9g\u00e9e depuis 2009, mais est ouverte au public pour visiter le jardin m\u00e9diterran\u00e9en qui l\u2019entoure et le mus\u00e9e de la mer install\u00e9 \u00e0 l\u2019int\u00e9rieur de la tour. La r\u00e9gion de Cerrano est particuli\u00e8rement anim\u00e9e en \u00e9t\u00e9 lorsque des laboratoires et des visites guid\u00e9es de botanique, d&rsquo;arch\u00e9ologie et de biologie marine sont organis\u00e9s, r\u00e9unissant des adultes et en particulier des enfants, sensibilis\u00e9s au respect et \u00e0 la conservation de l&rsquo;environnement.<\/p>\n<\/div><\/div><\/div><\/div><div class=\"rowItem col-md-6 col-sm-12 btTextLeft\"  data-width=\"6\"><div class=\"rowItemContent\" ><div class=\"rowItemContentInner\"><div class=\"bpgPhoto \" ><div class = \"btImage\"><img src=\"https:\/\/www.boracay.it\/wp-content\/uploads\/2019\/01\/oasi-del-cerrano.jpg\" alt=\"\" ><\/div><\/div><\/div><\/div><\/div><\/div><\/div><\/div><\/div><\/div><\/section><section id=\"bt_section69f309f121559\"  class=\"boldSection gutter\" ><div class=\"port\"><div class=\"boldCell\"><div class=\"boldCellInner\"><div class=\"boldRow \" ><div class=\"boldRowInner\"><div class=\"rowItem col-md-6 col-sm-12 btTextLeft\"  data-width=\"6\"><div class=\"rowItemContent\" ><div class=\"rowItemContentInner\"><div class=\"bpgPhoto \" ><div class = \"btImage\"><img src=\"https:\/\/www.boracay.it\/wp-content\/uploads\/2019\/01\/calanchi-atri-320x451.jpg\" alt=\"calanchi di atri\" ><\/div><\/div><\/div><\/div><\/div><div class=\"rowItem col-md-6 col-sm-12 btTextLeft\"  data-width=\"6\"><div class=\"rowItemContent\" ><div class=\"rowItemContentInner\"><div class=\"btClear btSeparator topSpaced noBorder\" ><hr><\/div><header class=\"header btClear medium  btHeadlineAccentColor btBottomDashDefaultColor\" ><div class=\"dash\"><div class=\"btSuperTitle\"><span>Oasis<\/span><\/div><h4><span class=\"headline\">Atri et le Calanchi<\/span><\/h4><\/div><\/header><div class=\"btClear btSeparator noBorder\" ><hr><\/div><div class=\"btText\" ><p>Atri est l&rsquo;un des centres d&rsquo;art des Abruzzes, inclus dans le district de la r\u00e9gion de Cerrano. Son centre historique conserve des b\u00e2timents impressionnants, des manoirs imposants et divers mus\u00e9es, ce qui en fait l&rsquo;un des pays les plus int\u00e9ressants \u00e0 visiter dans le Teramo, aussi et surtout pour la particularit\u00e9 morphologique du territoire sur lequel il repose.<\/p>\n<p>Atri se dresse sur la majestueuse Calanchi, une formation rocheuse typique due \u00e0 l&rsquo;\u00e9rosion, qui est vraiment spectaculaire dans cette partie des Abruzzes. La r\u00e9serve naturelle r\u00e9gionale de Calanchi di Atri s&rsquo;\u00e9tend sur 380 hectares et, outre son aspect naturaliste, elle est impr\u00e9gn\u00e9e de l\u00e9gendes diverses, comme par exemple celle inh\u00e9rente \u00e0 la myst\u00e9rieuse \u00ab\u00a0Pierre de Saint-Paul\u00a0\u00bb. La foi et le mythe se confondent autour d&rsquo;un rocher blanc semblable \u00e0 une colonne bris\u00e9e, qui raconte l&rsquo;histoire de la pierre o\u00f9 saint Paul a \u00e9t\u00e9 martyris\u00e9 \u00e0 Rome, tandis que le reste d&rsquo;un autel pr\u00e9chr\u00e9tien est consid\u00e9r\u00e9 de mani\u00e8re plus r\u00e9aliste.<\/p>\n<p>La r\u00e9serve de Calanchi est un lieu id\u00e9al pour la randonn\u00e9e, le trekking, l\u2019\u00e9quitation et le VTT.<\/p>\n<\/div><\/div><\/div><\/div><\/div><\/div><\/div><\/div><\/div><\/section><section id=\"bt_section69f309f1220d2\"  class=\"boldSection gutter\" ><div class=\"port\"><div class=\"boldCell\"><div class=\"boldCellInner\"><div class=\"boldRow \" ><div class=\"boldRowInner\"><div class=\"rowItem col-md-6 col-sm-12 btTextLeft\"  data-width=\"6\"><div class=\"rowItemContent\" ><div class=\"rowItemContentInner\"><div class=\"btClear btSeparator topSpaced noBorder\" ><hr><\/div><header class=\"header btClear medium  btHeadlineAccentColor btBottomDashDefaultColor\" ><div class=\"dash\"><div class=\"btSuperTitle\"><span>La Rocca et le ch\u00e2teau<\/span><\/div><h4><span class=\"headline\">Rocca Calascio\r<br><\/span><\/h4><\/div><\/header><div class=\"btClear btSeparator noBorder\" ><hr><\/div><div class=\"btText\" ><p>Rocca Calascio est une forteresse situ\u00e9e dans les Abruzzes, dans la province de L&rsquo;Aquila, dans la municipalit\u00e9 de Calascio, \u00e0 une altitude de 1 450 m\u00e8tres au-dessus du niveau de la mer, juste au-dessus de la ville.<\/p>\n<p>Reconnu dans les parcs nationaux du Gran Sasso et des monts della Laga, il est connu pour la pr\u00e9sence du ch\u00e2teau, l&rsquo;un des plus hauts d&rsquo;Italie, et de l&rsquo;ancien village m\u00e9di\u00e9val situ\u00e9 en bas, encore habit\u00e9 par certains habitants, consid\u00e9r\u00e9 comme l&rsquo;un des symboles des Abruzzes.<\/p>\n<\/div><\/div><\/div><\/div><div class=\"rowItem col-md-6 col-sm-12 btTextLeft\"  data-width=\"6\"><div class=\"rowItemContent\" ><div class=\"rowItemContentInner\"><div class=\"bpgPhoto \" ><div class = \"btImage\"><img src=\"https:\/\/www.boracay.it\/wp-content\/uploads\/2019\/02\/Roccacalascio-320x214.jpg\" alt=\"\" ><\/div><\/div><\/div><\/div><\/div><\/div><\/div><\/div><\/div><\/div><\/section><section id=\"bt_section69f309f122b7c\"  class=\"boldSection gutter\" ><div class=\"port\"><div class=\"boldCell\"><div class=\"boldCellInner\"><div class=\"boldRow \" ><div class=\"boldRowInner\"><div class=\"rowItem col-md-12 col-ms-12  btTextLeft\"  data-width=\"12\"><div class=\"rowItemContent\" ><div class=\"rowItemContentInner\"><div class=\"btClear btSeparator topSmallSpaced noBorder\" ><hr><\/div><\/div><\/div><\/div><\/div><\/div><\/div><\/div><\/div><\/section><section id=\"bt_section69f309f122eee\"  class=\"boldSection inherit\" ><div class=\"port\"><div class=\"boldCell\"><div class=\"boldCellInner\"><div class=\"boldRow \" ><div class=\"boldRowInner\"><div class=\"rowItem col-md-12 col-ms-12  btTextLeft\"  data-width=\"12\"><div class=\"rowItemContent\" ><div class=\"rowItemContentInner\"><div class=\"btText\" ><section id=\"bt_section69f309f123bc8\"  class=\"boldSection gutter inherit wBackground cover\" style=\"background-image:url('https:\/\/www.boracay.it\/wp-content\/uploads\/2019\/01\/Albergo-Alba-adriatica-bg-contatti-2.jpg');\"><div class=\"port\"><div class=\"boldCell\"><div class=\"boldCellInner\"><div class=\"boldRow \" ><div class=\"boldRowInner\"><div class=\"rowItem col-md-6 col-sm-12 btTextLeft btTextIndent inherit\"  data-width=\"6\"><div class=\"rowItemContent\" ><div class=\"rowItemContentInner\"><div class=\"btClear btSeparator bottomSpaced noBorder\" ><hr><\/div><header class=\"header btClear extralarge btDash bottomDash  btHeadlineDefaultColor btBottomDashAccentColor\" ><div class=\"dash\"><h2><span class=\"headline\">R\u00e9servez vos vacances<\/span><\/h2><\/div><\/header><div class=\"btText\" ><p>Pour plus d&rsquo;informations, demandez une estimation gratuite pour vos prochaines vacances \u00e0 la plage dans les Abruzzes ou pour toute autre demande, veuillez nous contacter aux adresses et adresses e-mail suivantes.<\/p>\n<\/div><div class=\"btClear btSeparator topSmallSpaced noBorder\" ><hr><\/div><div class=\"servicesItem  btIcoAccentColorIcon btIcoMediumSizeIcon \" style=\"font-size:20px;\"><div class=\"sIcon\"><span class=\"btIco btIcoMediumSize btIcoFilledType btIcoAccentColor\"><span  data-ico-s7=\"&#xe670;\" class=\"btIcoHolder\"><\/span><\/span><\/div><div class=\"sTxt\"><header class=\"header btClear medium\" ><div class=\"dash\"><h4><span class=\"headline\">T\u00e9l\u00e9phone<\/span><\/h4><\/div><\/header><p>+39 0861 71 36 12\r<br\/>+39 347 73 93 280<\/p><\/div><\/div><div class=\"btClear btSeparator bottomSmallSpaced noBorder\" ><hr><\/div><div class=\"servicesItem  btIcoAccentColorIcon btIcoMediumSizeIcon \" style=\"font-size:20px;\"><div class=\"sIcon\"><span class=\"btIco btIcoMediumSize btIcoFilledType btIcoAccentColor\"><span  data-ico-s7=\"&#xe63a;\" class=\"btIcoHolder\"><\/span><\/span><\/div><div class=\"sTxt\"><header class=\"header btClear medium\" ><div class=\"dash\"><h4><span class=\"headline\">Email<\/span><\/h4><\/div><\/header><p>info@boracay.it<\/p><\/div><\/div><div class=\"btClear btSeparator bottomSemiSpaced noBorder\" ><hr><\/div><\/div><\/div><\/div><div class=\"rowItem col-md-6 col-sm-12 btTextLeft\"  data-width=\"6\"><div class=\"rowItemContent\" ><div class=\"rowItemContentInner\"><div class=\"btClear btSeparator bottomSpaced noBorder\" ><hr><\/div><header class=\"header btClear medium btDash bottomDash  btHeadlineDefaultColor btBottomDashAccentColor\" ><div class=\"dash\"><h4><span class=\"headline\">Demande d&rsquo;information<\/span><\/h4><\/div><\/header><div class=\"btText\" ><div id=\"formContacto\"><\/div>\n<\/div><div class=\"btClear btSeparator bottomSmallSpaced noBorder\" ><hr><\/div><\/div><\/div><\/div><\/div><\/div><\/div><\/div><\/div><\/section><\/div><\/div><\/div><\/div><\/div><\/div><\/div><\/div><\/div><\/section>","protected":false},"excerpt":{"rendered":"","protected":false},"author":1,"featured_media":0,"parent":0,"menu_order":0,"comment_status":"closed","ping_status":"closed","template":"","meta":[],"_links":{"self":[{"href":"https:\/\/www.boracay.it\/fr\/wp-json\/wp\/v2\/pages\/2834\/"}],"collection":[{"href":"https:\/\/www.boracay.it\/fr\/wp-json\/wp\/v2\/pages\/"}],"about":[{"href":"https:\/\/www.boracay.it\/fr\/wp-json\/wp\/v2\/types\/page\/"}],"author":[{"embeddable":true,"href":"https:\/\/www.boracay.it\/fr\/wp-json\/wp\/v2\/users\/1\/"}],"replies":[{"embeddable":true,"href":"https:\/\/www.boracay.it\/fr\/wp-json\/wp\/v2\/comments\/?post=2834"}],"version-history":[{"count":2,"href":"https:\/\/www.boracay.it\/fr\/wp-json\/wp\/v2\/pages\/2834\/revisions\/"}],"predecessor-version":[{"id":2912,"href":"https:\/\/www.boracay.it\/fr\/wp-json\/wp\/v2\/pages\/2834\/revisions\/2912\/"}],"wp:attachment":[{"href":"https:\/\/www.boracay.it\/fr\/wp-json\/wp\/v2\/media\/?parent=2834"}],"curies":[{"name":"wp","href":"https:\/\/api.w.org\/{rel}","templated":true}]}}