{"id":2810,"date":"2019-01-16T10:53:45","date_gmt":"2019-01-16T09:53:45","guid":{"rendered":"http:\/\/www.boracay.it\/tariffe\/"},"modified":"2020-12-02T17:34:02","modified_gmt":"2020-12-02T16:34:02","slug":"tariffe","status":"publish","type":"page","link":"https:\/\/www.boracay.it\/fr\/tariffe\/","title":{"rendered":"Tarifs"},"content":{"rendered":"<section id=\"bt_section69f41300a2300\"  class=\"boldSection topSpaced bottomSpaced btDarkSkin gutter inherit wBackground cover\" style=\"background-image:url('https:\/\/www.boracay.it\/wp-content\/uploads\/2019\/02\/web-BORACAY-114-1920-1.jpg');\"><div class=\"port\"><div class=\"boldCell\"><div class=\"boldCellInner\"><div class=\"boldRow \" ><div class=\"boldRowInner\"><div class=\"rowItem col-md-6 col-sm-12 btTextLeft\"  data-width=\"6\"><div class=\"rowItemContent\" ><div class=\"rowItemContentInner\"><div class=\"btClear btSeparator bottomSpaced noBorder\" ><hr><\/div><header class=\"header btClear huge btDash bottomDash  btHeadlineDefaultColor btBottomDashDefaultColor\" ><div class=\"dash\"><h1><span class=\"headline\">Tarifs\r<br><i class=\"animate\"> H\u00f4tel de famille <\/i><\/span><\/h1><\/div><div class=\"btSubTitle\">H\u00f4tel de vacances en bord de mer avec piscine \u00e0 Alba Adriatica<\/div><\/header><div class=\"btIconImageRow\" ><div class=\"servicesItem  btIcoAccentColorIcon btIcoBigSizeIcon \"><div class=\"sIcon\"><span class=\"btIco btIcoBigSize btIcoFilledType btIcoAccentColor\"><a href=\"#contatto\" target=\"_self\" data-ico-s7=\"&#xe639;\" class=\"btIcoHolder\"><\/a><\/span><\/div><div class=\"sTxt\"><header class=\"header btClear medium\" ><div class=\"dash\"><div class=\"btSuperTitle\"><span>Quote!<\/span><\/div><h4><span class=\"headline\">CONTACTEZ-NOUS<\/span><\/h4><\/div><\/header><p><\/p><\/div><\/div><div class=\"servicesItem  btIcoAccentColorIcon btIcoBigSizeIcon \"><div class=\"sIcon\"><span class=\"btIco btIcoBigSize btIcoFilledType btIcoAccentColor\"><a href=\"http:\/\/www.boracay.it\/camere\/\" target=\"_self\" data-ico-fa=\"&#xf236;\" class=\"btIcoHolder\"><\/a><\/span><\/div><div class=\"sTxt\"><header class=\"header btClear medium\" ><div class=\"dash\"><div class=\"btSuperTitle\"><span>Les chambres<\/span><\/div><h4><span class=\"headline\">CHAMBRES<\/span><\/h4><\/div><\/header><p><\/p><\/div><\/div><\/div><\/div><\/div><\/div><div class=\"rowItem col-md-6 col-sm-12 btTextLeft\"  data-width=\"6\"><div class=\"rowItemContent\" ><div class=\"rowItemContentInner\"><\/div><\/div><\/div><\/div><\/div><\/div><\/div><\/div><\/section><section id=\"bt_section69f41300a2dc2\"  class=\"boldSection topSpaced bottomSemiSpaced gutter inherit\" ><div class=\"port\"><div class=\"boldCell\"><div class=\"boldCellInner\"><div class=\"boldRow \" ><div class=\"boldRowInner\"><div class=\"rowItem col-md-7 col-ms-12  btTextLeft\"  data-width=\"7\"><div class=\"rowItemContent\" ><div class=\"rowItemContentInner\"><div class=\"btClear btSeparator topSmallSpaced noBorder\" ><hr><\/div><header class=\"header btClear extralarge btDash topDash  btHeadlineAccentColor btBottomDashDefaultColor\" ><div class=\"dash\"><div class=\"btSuperTitle\"><span>Vos vacances \u00e0 la plage \u00e0 Alba Adriatica<\/span><\/div><h2><span class=\"headline\">Tarifs 2021<\/span><\/h2><\/div><div class=\"btSubTitle\">Offres sp\u00e9ciales et prix abordables pour des vacances \u00e0 la mer \u00e0 Alba Adriatica<\/div><\/header><\/div><\/div><\/div><div class=\"rowItem col-md-5 col-ms-12  btTextLeft\"  data-width=\"5\"><div class=\"rowItemContent\" ><div class=\"rowItemContentInner\"><\/div><\/div><\/div><\/div><\/div><\/div><\/div><\/div><\/section><section id=\"bt_section69f41300a329f\"  class=\"boldSection gutter\" ><div class=\"port\"><div class=\"boldCell\"><div class=\"boldCellInner\"><div class=\"boldRow \" ><div class=\"boldRowInner\"><div class=\"rowItem col-md-12 col-ms-12  btTextLeft\"  data-width=\"12\"><div class=\"rowItemContent\" ><div class=\"rowItemContentInner\"><div class=\"btText\" ><table id=\"tablepress-1\" class=\"tablepress tablepress-id-1 tabellalistino\">\n<thead>\n<tr class=\"row-1 odd\">\n<th class=\"column-1\">PERIODO<\/th>\n<th class=\"column-2\">PREZZO PER PERSONA AL GIORNO IN CAMERA DOPPIA<\/th>\n<\/tr>\n<\/thead>\n<tbody class=\"row-hover\">\n<tr class=\"row-2 even\">\n<td class=\"column-1\">18 MAGGIO \u2013 24 MAGGIO<\/td>\n<td class=\"column-2\">\u20ac 61,00<\/td>\n<\/tr>\n<tr class=\"row-3 odd\">\n<td class=\"column-1\">25 MAGGIO \u2013 7 GIUGNO<\/td>\n<td class=\"column-2\">\u20ac 68,00<\/td>\n<\/tr>\n<tr class=\"row-4 even\">\n<td class=\"column-1\">8 GIUGNO &#8211; 14 GIUGNO<\/td>\n<td class=\"column-2\">\u20ac 73,00<\/td>\n<\/tr>\n<tr class=\"row-5 odd\">\n<td class=\"column-1\">15 GIUGNO \u2013 21 GIUGNO<\/td>\n<td class=\"column-2\">\u20ac 80,00<\/td>\n<\/tr>\n<tr class=\"row-6 even\">\n<td class=\"column-1\">22 GIUGNO \u2013 5 LUGLIO<\/td>\n<td class=\"column-2\">\u20ac 85,00<\/td>\n<\/tr>\n<tr class=\"row-7 odd\">\n<td class=\"column-1\">6 LUGLIO \u2013 19 LUGLIO<\/td>\n<td class=\"column-2\">\u20ac 94,00<\/td>\n<\/tr>\n<tr class=\"row-8 even\">\n<td class=\"column-1\">20 LUGLIO \u2013 1 AGOSTO<\/td>\n<td class=\"column-2\">\u20ac 97,00<\/td>\n<\/tr>\n<tr class=\"row-9 odd\">\n<td class=\"column-1\">2 AGOSTO \u2013 21 AGOSTO<\/td>\n<td class=\"column-2\">\u20ac 114,00<\/td>\n<\/tr>\n<tr class=\"row-10 even\">\n<td class=\"column-1\">22 AGOSTO \u2013 2 SETTEMBRE<\/td>\n<td class=\"column-2\">\u20ac 89,00<\/td>\n<\/tr>\n<tr class=\"row-11 odd\">\n<td class=\"column-1\">3 SETTEMBRE IN POI<\/td>\n<td class=\"column-2\">\u20ac 64,00<\/td>\n<\/tr>\n<\/tbody>\n<\/table>\n<p><strong>Basse saison (du 25\/05 au 14\/06 et du 02\/09 au 15\/09)<\/strong>: arriv\u00e9e gratuite pour un s\u00e9jour minimum de 3 nuits.<br \/>\n<strong>Moyenne et Haute Saison (du 15\/06 au 01\/09)<\/strong>: s\u00e9jour minimum de 7 jours, du samedi au samedi.<\/p>\n<p><a style=\"padding: 10px 20px; color: #fff; background-color: #02958c; text-decoration: none;\" href=\"#contatto\">R\u00e9servez maintenant<\/a><\/p>\n<\/div><div class=\"btClear btSeparator topSmallSpaced noBorder\" ><hr><\/div><div class=\"btText\" ><h3 style=\"text-align: center;\">Inclus dans le prix<\/h3>\n<ul>\n<li>Pension compl\u00e8te, buffet de petit-d\u00e9jeuner, d\u00e9jeuner et d\u00eener avec un choix de menu (viande et poisson) et buffet d&rsquo;accompagnements.<\/li>\n<li>Eau incluse aux repas.<\/li>\n<li>La demi-pension comprend une r\u00e9duction de 4,00 \u20ac par personne et par jour.<\/li>\n<li>Utilisation du parapluie avec 2 lits par chambre.<\/li>\n<\/ul>\n<\/div><\/div><\/div><\/div><\/div><\/div><\/div><\/div><\/div><\/section><section id=\"bt_section69f41300c9e02\"  class=\"boldSection gutter\" ><div class=\"port\"><div class=\"boldCell\"><div class=\"boldCellInner\"><div class=\"boldRow \" ><div class=\"boldRowInner\"><div class=\"rowItem col-md-12 col-ms-12  btTextLeft\"  data-width=\"12\"><div class=\"rowItemContent\" ><div class=\"rowItemContentInner\"><div class=\"btText\" ><div class=\"col-sm-11 col-xs-10 meta\">\n<h3 class=\"lined-heading\" style=\"text-align: center;\">R\u00e9ductions pour les personnes occupant la m\u00eame chambre<\/h3>\n<\/div>\n<\/div><div class=\"btClear btSeparator topSmallSpaced noBorder\" ><hr><\/div><\/div><\/div><\/div><\/div><\/div><\/div><\/div><\/div><\/section><section id=\"bt_section69f41300ca253\"  class=\"boldSection gutter\" ><div class=\"port\"><div class=\"boldCell\"><div class=\"boldCellInner\"><div class=\"boldRow \" ><div class=\"boldRowInner\"><div class=\"rowItem col-md-6 col-sm-12 btTextLeft\"  data-width=\"6\"><div class=\"rowItemContent\" ><div class=\"rowItemContentInner\"><div class=\"btText\" ><h3>3 EME LIT<\/h3>\n<ul>\n<li>B\u00e9b\u00e9s de 0 \u00e0 24 mois gratuits (berceau non compris, disponible sur demande).<\/li>\n<li>Enfants de 2 \u00e0 6 ans r\u00e9duction de 50%.<\/li>\n<li>Enfants de 6 \u00e0 12 ans 30% de r\u00e9duction.<\/li>\n<li>Adultes \u00e0 partir de 12 ans 10% de r\u00e9duction.<\/li>\n<\/ul>\n<\/div><\/div><\/div><\/div><div class=\"rowItem col-md-6 col-sm-12 btTextLeft\"  data-width=\"6\"><div class=\"rowItemContent\" ><div class=\"rowItemContentInner\"><div class=\"btText\" ><h3>4 EME LIT (couchette)<\/h3>\n<ul>\n<li>B\u00e9b\u00e9s de 0 \u00e0 24 mois gratuits (berceau non compris, disponible sur demande).<\/li>\n<li>Enfants de 2 \u00e0 12 ans r\u00e9duction de 50%.<\/li>\n<li>Adultes \u00e0 partir de 12 ans r\u00e9duction de 30%.<\/li>\n<\/ul>\n<\/div><\/div><\/div><\/div><\/div><\/div><\/div><\/div><\/div><\/section><section id=\"bt_section69f41300ca9aa\"  class=\"boldSection gutter\" ><div class=\"port\"><div class=\"boldCell\"><div class=\"boldCellInner\"><div class=\"boldRow \" ><div class=\"boldRowInner\"><div class=\"rowItem col-md-6 col-sm-12 btTextLeft\"  data-width=\"6\"><div class=\"rowItemContent\" ><div class=\"rowItemContentInner\"><div class=\"btText\" ><ul>\n<li>Climatisation dans les salles communes et dans toutes les chambres<\/li>\n<li>Toutes les chambres disposent d&rsquo;un balcon, d&rsquo;un t\u00e9l\u00e9phone, d&rsquo;une t\u00e9l\u00e9vision par satellite \u00e0 \u00e9cran LCD couleur, d&rsquo;un coffre-fort, d&rsquo;un minibar et d&rsquo;une salle de bains avec douche et s\u00e8che-cheveux.<\/li>\n<li>Ascenseur<\/li>\n<li>Salle de t\u00e9l\u00e9vision<\/li>\n<li>Bar<\/li>\n<li>Point internet<\/li>\n<li>Wi-Fi gratuit dans toutes les chambres et les espaces communs<\/li>\n<li>Piscine d&rsquo;eau sal\u00e9e avec zone d&rsquo;hydromassage et baignoire pour b\u00e9b\u00e9<\/li>\n<li>Solarium panoramique avec jacuzzi<\/li>\n<\/ul>\n<\/div><\/div><\/div><\/div><div class=\"rowItem col-md-6 col-sm-12 btTextLeft\"  data-width=\"6\"><div class=\"rowItemContent\" ><div class=\"rowItemContentInner\"><div class=\"btText\" ><ul>\n<li>Parking priv\u00e9 gratuit sous r\u00e9serve de disponibilit\u00e9<\/li>\n<li>V\u00e9los<\/li>\n<li>Plage priv\u00e9e avec chalet et aire de jeux pour enfants<\/li>\n<li>Animation sur la plage (matin et apr\u00e8s-midi)<\/li>\n<li>3 soir\u00e9es (musique live, danses latino-am\u00e9ricaines, baby dance) \u00e0 l&rsquo;h\u00f4tel<\/li>\n<li>Utilisation d&rsquo;un parasol avec 2 chaises longues dans chaque chambre<\/li>\n<li>Navette gratuite de \/ pour la plage<\/li>\n<li>Navette gratuite vers \/ depuis la gare d&rsquo;Alba Adriatica (train et bus) (sur demande).<\/li>\n<li>Kiosque Virtuel<\/li>\n<li>Baby Sitting<\/li>\n<\/ul>\n<\/div><\/div><\/div><\/div><\/div><\/div><\/div><\/div><\/div><\/section><section id=\"bt_section69f41300cb3a4\"  class=\"boldSection gutter\" ><div class=\"port\"><div class=\"boldCell\"><div class=\"boldCellInner\"><div class=\"boldRow \" ><div class=\"boldRowInner\"><div class=\"rowItem col-md-12 col-ms-12  btTextLeft\"  data-width=\"12\"><div class=\"rowItemContent\" ><div class=\"rowItemContentInner\"><div class=\"btText\" ><div class=\"col-md-12\">\n<p><strong>Les r\u00e9ductions s&rsquo;appliquent uniquement si la chambre est occup\u00e9e \u00e0 2 personnes \u00e0 plein tarif.<\/strong><\/p>\n<\/div>\n<\/div><\/div><\/div><\/div><\/div><\/div><\/div><\/div><\/div><\/section><section id=\"bt_section69f41300cb776\"  class=\"boldSection gutter\" ><div class=\"port\"><div class=\"boldCell\"><div class=\"boldCellInner\"><div class=\"boldRow \" ><div class=\"boldRowInner\"><div class=\"rowItem col-md-12 col-ms-12  btTextLeft\"  data-width=\"12\"><div class=\"rowItemContent\" ><div class=\"rowItemContentInner\"><div class=\"btClear btSeparator topSmallSpaced noBorder\" ><hr><\/div><div class=\"btText\" ><div class=\"col-md-12\">\n<h3 style=\"text-align: center;\">Services inclus dans le salon<\/h3>\n<\/div>\n<\/div><\/div><\/div><\/div><\/div><\/div><\/div><\/div><\/div><\/section><section id=\"bt_section69f41300cbb94\"  class=\"boldSection gutter\" ><div class=\"port\"><div class=\"boldCell\"><div class=\"boldCellInner\"><div class=\"boldRow \" ><div class=\"boldRowInner\"><div class=\"rowItem col-md-6 col-sm-12 btTextLeft\"  data-width=\"6\"><div class=\"rowItemContent\" ><div class=\"rowItemContentInner\"><div class=\"btText\" ><h3 style=\"text-align: center;\">Plan de famille<\/h3>\n<ul>\n<li>4 personnes paient pour 3 (p\u00e9riode exclue du 27-07 au 22-08 inclus).<\/li>\n<li>Le plan familial n&rsquo;est valable que pour les familles de 2 adultes + 2 enfants de moins de 18 ans.<\/li>\n<\/ul>\n<\/div><\/div><\/div><\/div><div class=\"rowItem col-md-6 col-sm-12 btTextLeft\"  data-width=\"6\"><div class=\"rowItemContent\" ><div class=\"rowItemContentInner\"><div class=\"btText\" ><h3 style=\"text-align: center;\">Suppl\u00e9ments<\/h3>\n<ul>\n<li>Suppl\u00e9ment chambre individuelle \u00e0 usage unique de 30%.<\/li>\n<li>BILO room 10% de suppl\u00e9ment. (chambre double avec air conditionn\u00e9 et t\u00e9l\u00e9vision + chambre avec lits superpos\u00e9s avec les m\u00eames services).<\/li>\n<li>Garage sur r\u00e9servation 10,00 \u20ac<\/li>\n<li>Berceau 10,00 \u20ac (service de repas compris)<\/li>\n<li>Machine \u00e0 laver en libre service \u20ac 5,00<\/li>\n<\/ul>\n<\/div><\/div><\/div><\/div><\/div><\/div><\/div><\/div><\/div><\/section><section id=\"bt_section69f41300cc2e6\"  class=\"boldSection gutter\" ><div class=\"port\"><div class=\"boldCell\"><div class=\"boldCellInner\"><div class=\"boldRow \" ><div class=\"boldRowInner\"><div class=\"rowItem col-md-12 col-ms-12  btTextLeft\"  data-width=\"12\"><div class=\"rowItemContent\" ><div class=\"rowItemContentInner\"><div class=\"btClear btSeparator topSmallSpaced noBorder\" ><hr><\/div><div class=\"btText\" ><h3 style=\"text-align: center;\">Conditions<\/h3>\n<p>S\u00e9jour minimum 3 jours (la disponibilit\u00e9 pour les s\u00e9jours de moins d&rsquo;une semaine est donn\u00e9e \u00e0 une courte distance de la date demand\u00e9e).<\/p>\n<p>Le jour de l&rsquo;arriv\u00e9e, la chambre est disponible \u00e0 partir de 12h00. Le traitement en pension compl\u00e8te commence avec le d\u00e9jeuner le jour de l&rsquo;arriv\u00e9e et se termine avec le petit-d\u00e9jeuner le jour du d\u00e9part.<\/p>\n<p>Les repas non consomm\u00e9s ne seront pas d\u00e9duits.<br \/>\nLe jour du d\u00e9part, la chambre doit \u00eatre lib\u00e9r\u00e9e avant 09h00.<\/p>\n<p>La r\u00e9servation n&rsquo;est confirm\u00e9e qu&rsquo;apr\u00e8s r\u00e9ception d&rsquo;un acompte (200,00 \u20ac par chambre r\u00e9serv\u00e9e, par mandat postal \u00e0 l&rsquo;ordre de l&rsquo;H\u00f4tel Boracay), qui sera suivie de notre confirmation \u00e9crite.<\/p>\n<p>En cas de d\u00e9part anticip\u00e9, le co\u00fbt de la nuit sera factur\u00e9 pour les 3 prochains jours.<\/p>\n<\/div><div class=\"btClear btSeparator topSmallSpaced noBorder\" ><hr><\/div><\/div><\/div><\/div><\/div><\/div><\/div><\/div><\/div><\/section><section id=\"bt_section69f41300cc8f0\"  class=\"boldSection inherit\" ><div class=\"port\"><div class=\"boldCell\"><div class=\"boldCellInner\"><div class=\"boldRow \" ><div class=\"boldRowInner\"><div class=\"rowItem col-md-12 col-ms-12  btTextLeft\"  data-width=\"12\"><div class=\"rowItemContent\" ><div class=\"rowItemContentInner\"><div class=\"btText\" ><p><a id=\"contatto\" name=\"contatto\"><\/a><\/p>\n<section id=\"bt_section69f41300cd4ba\"  class=\"boldSection gutter inherit wBackground cover\" style=\"background-image:url('https:\/\/www.boracay.it\/wp-content\/uploads\/2019\/01\/Albergo-Alba-adriatica-bg-contatti-2.jpg');\">\n<div class=\"port\">\n<div class=\"boldCell\">\n<div class=\"boldCellInner\">\n<div class=\"boldRow \" >\n<div class=\"boldRowInner\">\n<div class=\"rowItem col-md-6 col-sm-12 btTextLeft btTextIndent inherit\"  data-width=\"6\">\n<div class=\"rowItemContent\" >\n<div class=\"rowItemContentInner\">\n<div class=\"btClear btSeparator bottomSpaced noBorder\" >\n<hr>\n<\/div>\n<header class=\"header btClear extralarge btDash bottomDash  btHeadlineDefaultColor btBottomDashAccentColor\" >\n<div class=\"dash\">\n<h2><span class=\"headline\">R\u00e9servez vos vacances<\/span><\/h2>\n<\/div>\n<\/header>\n<div class=\"btText\" >\n<p>Pour plus d&rsquo;informations, demandez une estimation gratuite pour vos prochaines vacances \u00e0 la plage dans les Abruzzes ou pour toute autre demande, veuillez nous contacter aux adresses et adresses e-mail suivantes.<\/p>\n<\/div>\n<div class=\"btClear btSeparator topSmallSpaced noBorder\" >\n<hr>\n<\/div>\n<div class=\"servicesItem  btIcoAccentColorIcon btIcoMediumSizeIcon \" style=\"font-size:20px;\">\n<div class=\"sIcon\"><span class=\"btIco btIcoMediumSize btIcoFilledType btIcoAccentColor\"><span  data-ico-s7=\"&#xe670;\" class=\"btIcoHolder\"><\/span><\/span><\/div>\n<div class=\"sTxt\">\n<header class=\"header btClear medium\" >\n<div class=\"dash\">\n<h4><span class=\"headline\">T\u00e9l\u00e9phone<\/span><\/h4>\n<\/div>\n<\/header>\n<p>+39 0861 71 36 12<br \/>\n<br \/>+39 347 73 93 280<\/p>\n<\/div>\n<\/div>\n<div class=\"btClear btSeparator bottomSmallSpaced noBorder\" >\n<hr>\n<\/div>\n<div class=\"servicesItem  btIcoAccentColorIcon btIcoMediumSizeIcon \" style=\"font-size:20px;\">\n<div class=\"sIcon\"><span class=\"btIco btIcoMediumSize btIcoFilledType btIcoAccentColor\"><span  data-ico-s7=\"&#xe63a;\" class=\"btIcoHolder\"><\/span><\/span><\/div>\n<div class=\"sTxt\">\n<header class=\"header btClear medium\" >\n<div class=\"dash\">\n<h4><span class=\"headline\">Email<\/span><\/h4>\n<\/div>\n<\/header>\n<p>info@boracay.it<\/p>\n<\/div>\n<\/div>\n<div class=\"btClear btSeparator bottomSemiSpaced noBorder\" >\n<hr>\n<\/div>\n<\/div>\n<\/div>\n<\/div>\n<div class=\"rowItem col-md-6 col-sm-12 btTextLeft\"  data-width=\"6\">\n<div class=\"rowItemContent\" >\n<div class=\"rowItemContentInner\">\n<div class=\"btClear btSeparator bottomSpaced noBorder\" >\n<hr>\n<\/div>\n<header class=\"header btClear medium btDash bottomDash  btHeadlineDefaultColor btBottomDashAccentColor\" >\n<div class=\"dash\">\n<h4><span class=\"headline\">Demande d&rsquo;information<\/span><\/h4>\n<\/div>\n<\/header>\n<div class=\"btText\" >\n<div id=\"formContacto\"><\/div>\n<\/div>\n<div class=\"btClear btSeparator bottomSmallSpaced noBorder\" >\n<hr>\n<\/div>\n<\/div>\n<\/div>\n<\/div>\n<\/div>\n<\/div>\n<\/div>\n<\/div>\n<\/div>\n<\/section>\n<\/div><\/div><\/div><\/div><\/div><\/div><\/div><\/div><\/div><\/section>","protected":false},"excerpt":{"rendered":"","protected":false},"author":1,"featured_media":0,"parent":0,"menu_order":0,"comment_status":"closed","ping_status":"closed","template":"","meta":[],"_links":{"self":[{"href":"https:\/\/www.boracay.it\/fr\/wp-json\/wp\/v2\/pages\/2810\/"}],"collection":[{"href":"https:\/\/www.boracay.it\/fr\/wp-json\/wp\/v2\/pages\/"}],"about":[{"href":"https:\/\/www.boracay.it\/fr\/wp-json\/wp\/v2\/types\/page\/"}],"author":[{"embeddable":true,"href":"https:\/\/www.boracay.it\/fr\/wp-json\/wp\/v2\/users\/1\/"}],"replies":[{"embeddable":true,"href":"https:\/\/www.boracay.it\/fr\/wp-json\/wp\/v2\/comments\/?post=2810"}],"version-history":[{"count":3,"href":"https:\/\/www.boracay.it\/fr\/wp-json\/wp\/v2\/pages\/2810\/revisions\/"}],"predecessor-version":[{"id":4173,"href":"https:\/\/www.boracay.it\/fr\/wp-json\/wp\/v2\/pages\/2810\/revisions\/4173\/"}],"wp:attachment":[{"href":"https:\/\/www.boracay.it\/fr\/wp-json\/wp\/v2\/media\/?parent=2810"}],"curies":[{"name":"wp","href":"https:\/\/api.w.org\/{rel}","templated":true}]}}